{"id":7952,"date":"2024-11-14T13:26:48","date_gmt":"2024-11-14T12:26:48","guid":{"rendered":"https:\/\/www.bogaerstalen.nl\/voyage-detudes-en-france\/"},"modified":"2024-11-18T19:59:56","modified_gmt":"2024-11-18T18:59:56","slug":"voyage-detudes-en-france","status":"publish","type":"page","link":"https:\/\/www.bogaerstalen.nl\/fr\/voyage-detudes-en-france\/","title":{"rendered":"Voyage d&rsquo;\u00e9tudes en France"},"content":{"rendered":"\t\t<div data-elementor-type=\"wp-page\" data-elementor-id=\"7952\" class=\"elementor elementor-7952 elementor-7436\" data-elementor-post-type=\"page\">\n\t\t\t\t<div class=\"elementor-element elementor-element-0fa536c e-flex e-con-boxed e-con e-parent\" data-id=\"0fa536c\" data-element_type=\"container\" data-e-type=\"container\">\n\t\t\t\t\t<div class=\"e-con-inner\">\n\t\t\t\t<div class=\"elementor-element elementor-element-23f8797 elementor-widget elementor-widget-heading\" data-id=\"23f8797\" data-element_type=\"widget\" data-e-type=\"widget\" data-widget_type=\"heading.default\">\n\t\t\t\t<div class=\"elementor-widget-container\">\n\t\t\t\t\t<h2 class=\"elementor-heading-title elementor-size-default\">Bienvenue en France ! Voyagez, \u00e9tudiez et d\u00e9tendez-vous.   <\/h2>\t\t\t\t<\/div>\n\t\t\t\t<\/div>\n\t\t\t\t\t<\/div>\n\t\t\t\t<\/div>\n\t\t<div class=\"elementor-element elementor-element-cbdf1b4 e-flex e-con-boxed e-con e-parent\" data-id=\"cbdf1b4\" data-element_type=\"container\" data-e-type=\"container\">\n\t\t\t\t\t<div class=\"e-con-inner\">\n\t\t\t\t<div class=\"elementor-element elementor-element-1d91f83 elementor-widget elementor-widget-text-editor\" data-id=\"1d91f83\" data-element_type=\"widget\" data-e-type=\"widget\" data-widget_type=\"text-editor.default\">\n\t\t\t\t<div class=\"elementor-widget-container\">\n\t\t\t\t\t\t\t\t\t<div class=\"flex-1 overflow-hidden\">\n<div class=\"h-full\">\n<div class=\"react-scroll-to-bottom--css-fpcmc-79elbk h-full\">\n<div class=\"react-scroll-to-bottom--css-fpcmc-1n7m0yu\">\n<div class=\"flex flex-col text-sm md:pb-9\">\n<article class=\"w-full scroll-mb-[var(--thread-trailing-height,150px)] text-token-text-primary focus-visible:outline-2 focus-visible:outline-offset-[-4px]\" dir=\"auto\" data-testid=\"conversation-turn-5\" data-scroll-anchor=\"true\">\n<div class=\"m-auto text-base py-[18px] px-3 md:px-4 w-full md:px-5 lg:px-4 xl:px-5\">\n<div class=\"mx-auto flex flex-1 gap-4 text-base md:gap-5 lg:gap-6 md:max-w-3xl lg:max-w-[40rem] xl:max-w-[48rem]\">\n<div class=\"group\/conversation-turn relative flex w-full min-w-0 flex-col agent-turn\">\n<div class=\"flex-col gap-1 md:gap-3\">\n<div class=\"flex max-w-full flex-col flex-grow\">\n<div class=\"min-h-8 text-message flex w-full flex-col items-end gap-2 whitespace-normal break-words [.text-message+&amp;]:mt-5\" dir=\"auto\" data-message-author-role=\"assistant\" data-message-id=\"53cf4589-d799-4a79-8494-f3a7f8ba7288\" data-message-model-slug=\"gpt-4o\">\n<div class=\"flex w-full flex-col gap-1 empty:hidden first:pt-[3px]\">\n<div class=\"markdown prose w-full break-words dark:prose-invert light\">\n<h3>Week-end linguistique \u00e0 Auxi-le-Ch\u00e2teau<\/h3>\n<p><strong>Organis\u00e9 par Bogaers Taleninstituut BV<\/strong><\/p>\n<p><strong>Invit\u00e9 :<\/strong> Vivez un week-end linguistique inoubliable dans la pittoresque ville d&rsquo;Auxi-le-Ch\u00e2teau ! Plongez dans la langue et la culture fran\u00e7aises, entour\u00e9 par la splendeur verte des 7 Vall\u00e9es Ternois, \u00e0 seulement 3 heures de route de Breda. <\/p>\n<p><strong>Inscrivez votre participation d\u00e8s maintenant :<\/strong> Faites-nous savoir si vous serez pr\u00e9sent afin que nous puissions r\u00e9server votre place !<\/p>\n<h4>\u00c0 quoi pouvez-vous vous attendre ?<\/h4>\n<p><strong>Vendredi :<\/strong><\/p>\n<ul>\n<li><strong>18:00 &#8211; 19:00 :<\/strong> Arriv\u00e9e avec une soupe \u00e0 l&rsquo;oignon r\u00e9confortante, une baguette fra\u00eeche avec du fromage fran\u00e7ais, une boisson de bienvenue et une le\u00e7on d&rsquo;introduction.<\/li>\n<\/ul>\n<p><strong>Samedi :<\/strong><\/p>\n<ul>\n<li><strong>08:30 :<\/strong> Petit d\u00e9jeuner<\/li>\n<li><strong>09h30 :<\/strong> Programme du matin avec test de langue et cours de conversation en fran\u00e7ais. Espace de pratique. <\/li>\n<li><strong>10h30 :<\/strong> Visite de la m\u00e9diath\u00e8que et du march\u00e9 local avec travaux linguistiques. D\u00e9jeuner en commun facultatif. <\/li>\n<li><strong>14:30 :<\/strong> Visite d&rsquo;Auxi-le-Ch\u00e2teau avec travaux pratiques.<\/li>\n<li><strong>A partir de 18h00 :<\/strong> d\u00eener libre. Affectation : r\u00e9servez ou organisez vous-m\u00eame. <\/li>\n<li><strong>Soir\u00e9e fran\u00e7aise :<\/strong> \u00e9tude avec film fran\u00e7ais, collation et jeux.<\/li>\n<\/ul>\n<p><strong>Dimanche :<\/strong><\/p>\n<ul>\n<li><strong>08:30 :<\/strong> Petit d\u00e9jeuner<\/li>\n<li><strong>09:30 :<\/strong> Programme interactif de la matin\u00e9e avec des cours de fran\u00e7ais.<\/li>\n<li><strong>12:00 :<\/strong> Programme de l&rsquo;apr\u00e8s-midi en groupes ou individuellement.<\/li>\n<\/ul>\n<p><strong>Certificat de participation et photos :<\/strong><\/p>\n<ul>\n<li>Recevez une preuve de participation sur demande.<\/li>\n<li>Partagez vos exp\u00e9riences avec des photos.<\/li>\n<\/ul>\n<p><strong>H\u00e9bergement :<\/strong><\/p>\n<ul>\n<li>Maximum 4 personnes dans notre maison d&rsquo;h\u00f4tes.<\/li>\n<li>Possibilit\u00e9 de camping dans le jardin pour seulement 15 \u20ac par nuit.<\/li>\n<li>Vous pouvez r\u00e9server vous-m\u00eame d&rsquo;autres logements.<\/li>\n<\/ul>\n<p><strong>Pourquoi vous ne devriez pas manquer cela :<\/strong><\/p>\n<p>Ce week-end est l&rsquo;occasion id\u00e9ale d&rsquo;am\u00e9liorer vos comp\u00e9tences en fran\u00e7ais dans un environnement authentique et inspirant. Non seulement vous apprendrez la langue, mais vous d\u00e9couvrirez \u00e9galement la culture fran\u00e7aise de pr\u00e8s. Vous rencontrerez des personnes partageant les m\u00eames id\u00e9es, d\u00e9gusterez des sp\u00e9cialit\u00e9s locales et d\u00e9couvrirez la magnifique campagne d&rsquo;Auxi-le-Ch\u00e2teau. Plus qu&rsquo;un cours de langue, c&rsquo;est une exp\u00e9rience qui restera grav\u00e9e dans votre m\u00e9moire et qui renforcera votre confiance en vous. Ne manquez pas cette occasion unique et r\u00e9alisez vos r\u00eaves de fran\u00e7ais !    <\/p>\n<p><strong>Vous \u00eates int\u00e9ress\u00e9(e) ? N&rsquo;attendez pas trop longtemps ! Cliquez sur le lien ci-dessous :  <\/strong><\/p>\n<p><a href=\"https:\/\/datumprikker.nl\/pvxdfgp2cmj3rdhk\">R\u00e9servez d\u00e8s maintenant votre place pour ce week-end linguistique unique. <\/a><\/p>\n<\/div>\n<\/div>\n<\/div>\n<\/div>\n<\/div>\n<\/div>\n<\/div>\n<\/div>\n<\/article>\n<\/div>\n<\/div>\n<\/div>\n<\/div>\n<\/div>\n<div class=\"md:pt-0 dark:border-white\/20 md:border-transparent md:dark:border-transparent w-full\">\n<div>\n<div class=\"m-auto text-base px-3 md:px-4 w-full md:px-5 lg:px-4 xl:px-5\">\n<div class=\"mx-auto flex flex-1 gap-4 text-base md:gap-5 lg:gap-6 md:max-w-3xl lg:max-w-[40rem] xl:max-w-[48rem]\">\n<div class=\"flex justify-center\"> <\/div>\n<\/div>\n<\/div>\n<\/div>\n<\/div>\n\t\t\t\t\t\t\t\t<\/div>\n\t\t\t\t<\/div>\n\t\t\t\t\t<\/div>\n\t\t\t\t<\/div>\n\t\t\t\t<\/div>\n\t\t","protected":false},"excerpt":{"rendered":"<p>Bienvenue en France ! Voyagez, \u00e9tudiez et d\u00e9tendez-vous. Week-end linguistique \u00e0 Auxi-le-Ch\u00e2teau Organis\u00e9 par Bogaers Taleninstituut BV Invit\u00e9 : Vivez un week-end linguistique inoubliable dans la pittoresque ville d&rsquo;Auxi-le-Ch\u00e2teau ! Plongez dans la langue et la culture fran\u00e7aises, entour\u00e9 par la splendeur verte des 7 Vall\u00e9es Ternois, \u00e0 seulement 3 heures de route de Breda. [&hellip;]<\/p>\n","protected":false},"author":3,"featured_media":0,"parent":0,"menu_order":0,"comment_status":"closed","ping_status":"closed","template":"aw-content-template.php","meta":{"_yoast_wpseo_focuskw":"","_yoast_wpseo_metadesc":"","rank_math_focus_keyword":"","rank_math_description":"","footnotes":""},"class_list":["post-7952","page","type-page","status-publish","hentry"],"yoast_head":"<!-- This site is optimized with the Yoast SEO plugin v27.5 - https:\/\/yoast.com\/product\/yoast-seo-wordpress\/ -->\n<title>Voyage d&#039;\u00e9tudes en France - Bogaers Taleninstituut Tilburg<\/title>\n<meta name=\"robots\" content=\"index, follow, max-snippet:-1, max-image-preview:large, max-video-preview:-1\" \/>\n<link rel=\"canonical\" href=\"https:\/\/www.bogaerstalen.nl\/fr\/voyage-detudes-en-france\/\" \/>\n<meta property=\"og:locale\" content=\"fr_FR\" \/>\n<meta property=\"og:type\" content=\"article\" \/>\n<meta property=\"og:title\" content=\"Voyage d&#039;\u00e9tudes en France - Bogaers Taleninstituut Tilburg\" \/>\n<meta property=\"og:description\" content=\"Bienvenue en France ! Voyagez, \u00e9tudiez et d\u00e9tendez-vous. Week-end linguistique \u00e0 Auxi-le-Ch\u00e2teau Organis\u00e9 par Bogaers Taleninstituut BV Invit\u00e9 : Vivez un week-end linguistique inoubliable dans la pittoresque ville d&rsquo;Auxi-le-Ch\u00e2teau ! Plongez dans la langue et la culture fran\u00e7aises, entour\u00e9 par la splendeur verte des 7 Vall\u00e9es Ternois, \u00e0 seulement 3 heures de route de Breda. [&hellip;]\" \/>\n<meta property=\"og:url\" content=\"https:\/\/www.bogaerstalen.nl\/fr\/voyage-detudes-en-france\/\" \/>\n<meta property=\"og:site_name\" content=\"Bogaers Taleninstituut Tilburg\" \/>\n<meta property=\"article:publisher\" content=\"https:\/\/www.facebook.com\/taleninstituut\/\" \/>\n<meta property=\"article:modified_time\" content=\"2024-11-18T18:59:56+00:00\" \/>\n<meta name=\"twitter:label1\" content=\"Dur\u00e9e de lecture estim\u00e9e\" \/>\n\t<meta name=\"twitter:data1\" content=\"2 minutes\" \/>\n<script type=\"application\/ld+json\" class=\"yoast-schema-graph\">{\"@context\":\"https:\\\/\\\/schema.org\",\"@graph\":[{\"@type\":\"WebPage\",\"@id\":\"https:\\\/\\\/www.bogaerstalen.nl\\\/fr\\\/voyage-detudes-en-france\\\/\",\"url\":\"https:\\\/\\\/www.bogaerstalen.nl\\\/fr\\\/voyage-detudes-en-france\\\/\",\"name\":\"Voyage d'\u00e9tudes en France - Bogaers Taleninstituut Tilburg\",\"isPartOf\":{\"@id\":\"https:\\\/\\\/www.bogaerstalen.nl\\\/fr\\\/#website\"},\"datePublished\":\"2024-11-14T12:26:48+00:00\",\"dateModified\":\"2024-11-18T18:59:56+00:00\",\"breadcrumb\":{\"@id\":\"https:\\\/\\\/www.bogaerstalen.nl\\\/fr\\\/voyage-detudes-en-france\\\/#breadcrumb\"},\"inLanguage\":\"fr-FR\",\"potentialAction\":[{\"@type\":\"ReadAction\",\"target\":[\"https:\\\/\\\/www.bogaerstalen.nl\\\/fr\\\/voyage-detudes-en-france\\\/\"]}]},{\"@type\":\"BreadcrumbList\",\"@id\":\"https:\\\/\\\/www.bogaerstalen.nl\\\/fr\\\/voyage-detudes-en-france\\\/#breadcrumb\",\"itemListElement\":[{\"@type\":\"ListItem\",\"position\":1,\"name\":\"Home\",\"item\":\"https:\\\/\\\/www.bogaerstalen.nl\\\/fr\\\/accueil\\\/\"},{\"@type\":\"ListItem\",\"position\":2,\"name\":\"Voyage d&#8217;\u00e9tudes en France\"}]},{\"@type\":\"WebSite\",\"@id\":\"https:\\\/\\\/www.bogaerstalen.nl\\\/fr\\\/#website\",\"url\":\"https:\\\/\\\/www.bogaerstalen.nl\\\/fr\\\/\",\"name\":\"Bogaers Taleninstituut Tilburg\",\"description\":\"Sta sterk met taal!\",\"potentialAction\":[{\"@type\":\"SearchAction\",\"target\":{\"@type\":\"EntryPoint\",\"urlTemplate\":\"https:\\\/\\\/www.bogaerstalen.nl\\\/fr\\\/?s={search_term_string}\"},\"query-input\":{\"@type\":\"PropertyValueSpecification\",\"valueRequired\":true,\"valueName\":\"search_term_string\"}}],\"inLanguage\":\"fr-FR\"}]}<\/script>\n<!-- \/ Yoast SEO plugin. -->","yoast_head_json":{"title":"Voyage d'\u00e9tudes en France - Bogaers Taleninstituut Tilburg","robots":{"index":"index","follow":"follow","max-snippet":"max-snippet:-1","max-image-preview":"max-image-preview:large","max-video-preview":"max-video-preview:-1"},"canonical":"https:\/\/www.bogaerstalen.nl\/fr\/voyage-detudes-en-france\/","og_locale":"fr_FR","og_type":"article","og_title":"Voyage d'\u00e9tudes en France - Bogaers Taleninstituut Tilburg","og_description":"Bienvenue en France ! Voyagez, \u00e9tudiez et d\u00e9tendez-vous. Week-end linguistique \u00e0 Auxi-le-Ch\u00e2teau Organis\u00e9 par Bogaers Taleninstituut BV Invit\u00e9 : Vivez un week-end linguistique inoubliable dans la pittoresque ville d&rsquo;Auxi-le-Ch\u00e2teau ! Plongez dans la langue et la culture fran\u00e7aises, entour\u00e9 par la splendeur verte des 7 Vall\u00e9es Ternois, \u00e0 seulement 3 heures de route de Breda. [&hellip;]","og_url":"https:\/\/www.bogaerstalen.nl\/fr\/voyage-detudes-en-france\/","og_site_name":"Bogaers Taleninstituut Tilburg","article_publisher":"https:\/\/www.facebook.com\/taleninstituut\/","article_modified_time":"2024-11-18T18:59:56+00:00","twitter_misc":{"Dur\u00e9e de lecture estim\u00e9e":"2 minutes"},"schema":{"@context":"https:\/\/schema.org","@graph":[{"@type":"WebPage","@id":"https:\/\/www.bogaerstalen.nl\/fr\/voyage-detudes-en-france\/","url":"https:\/\/www.bogaerstalen.nl\/fr\/voyage-detudes-en-france\/","name":"Voyage d'\u00e9tudes en France - Bogaers Taleninstituut Tilburg","isPartOf":{"@id":"https:\/\/www.bogaerstalen.nl\/fr\/#website"},"datePublished":"2024-11-14T12:26:48+00:00","dateModified":"2024-11-18T18:59:56+00:00","breadcrumb":{"@id":"https:\/\/www.bogaerstalen.nl\/fr\/voyage-detudes-en-france\/#breadcrumb"},"inLanguage":"fr-FR","potentialAction":[{"@type":"ReadAction","target":["https:\/\/www.bogaerstalen.nl\/fr\/voyage-detudes-en-france\/"]}]},{"@type":"BreadcrumbList","@id":"https:\/\/www.bogaerstalen.nl\/fr\/voyage-detudes-en-france\/#breadcrumb","itemListElement":[{"@type":"ListItem","position":1,"name":"Home","item":"https:\/\/www.bogaerstalen.nl\/fr\/accueil\/"},{"@type":"ListItem","position":2,"name":"Voyage d&#8217;\u00e9tudes en France"}]},{"@type":"WebSite","@id":"https:\/\/www.bogaerstalen.nl\/fr\/#website","url":"https:\/\/www.bogaerstalen.nl\/fr\/","name":"Bogaers Taleninstituut Tilburg","description":"Sta sterk met taal!","potentialAction":[{"@type":"SearchAction","target":{"@type":"EntryPoint","urlTemplate":"https:\/\/www.bogaerstalen.nl\/fr\/?s={search_term_string}"},"query-input":{"@type":"PropertyValueSpecification","valueRequired":true,"valueName":"search_term_string"}}],"inLanguage":"fr-FR"}]}},"_links":{"self":[{"href":"https:\/\/www.bogaerstalen.nl\/fr\/wp-json\/wp\/v2\/pages\/7952","targetHints":{"allow":["GET"]}}],"collection":[{"href":"https:\/\/www.bogaerstalen.nl\/fr\/wp-json\/wp\/v2\/pages"}],"about":[{"href":"https:\/\/www.bogaerstalen.nl\/fr\/wp-json\/wp\/v2\/types\/page"}],"author":[{"embeddable":true,"href":"https:\/\/www.bogaerstalen.nl\/fr\/wp-json\/wp\/v2\/users\/3"}],"replies":[{"embeddable":true,"href":"https:\/\/www.bogaerstalen.nl\/fr\/wp-json\/wp\/v2\/comments?post=7952"}],"version-history":[{"count":3,"href":"https:\/\/www.bogaerstalen.nl\/fr\/wp-json\/wp\/v2\/pages\/7952\/revisions"}],"predecessor-version":[{"id":8943,"href":"https:\/\/www.bogaerstalen.nl\/fr\/wp-json\/wp\/v2\/pages\/7952\/revisions\/8943"}],"wp:attachment":[{"href":"https:\/\/www.bogaerstalen.nl\/fr\/wp-json\/wp\/v2\/media?parent=7952"}],"curies":[{"name":"wp","href":"https:\/\/api.w.org\/{rel}","templated":true}]}}